{"version":"1.0","provider_name":"Mzone","provider_url":"https:\/\/www.mzone.cz\/en\/","title":"Tom\u00e1\u0161 Enge bude \u0159\u00eddit zav\u00e1d\u011bc\u00ed v\u016fz St\u0159edoevropsk\u00e9 rallye - Mzone","type":"rich","width":600,"height":338,"html":"<blockquote class=\"wp-embedded-content\" data-secret=\"QFeYzEDtvm\"><a href=\"https:\/\/www.mzone.cz\/en\/tomas-enge-bude-ridit-zavadeci-vuz-stredoevropske-rallye\/\">Tom\u00e1\u0161 Enge bude \u0159\u00eddit zav\u00e1d\u011bc\u00ed v\u016fz St\u0159edoevropsk\u00e9 rallye<\/a><\/blockquote><iframe sandbox=\"allow-scripts\" security=\"restricted\" src=\"https:\/\/www.mzone.cz\/en\/tomas-enge-bude-ridit-zavadeci-vuz-stredoevropske-rallye\/embed\/#?secret=QFeYzEDtvm\" width=\"600\" height=\"338\" title=\"&#8220;Tom\u00e1\u0161 Enge bude \u0159\u00eddit zav\u00e1d\u011bc\u00ed v\u016fz St\u0159edoevropsk\u00e9 rallye&#8221; &#8212; Mzone\" data-secret=\"QFeYzEDtvm\" frameborder=\"0\" marginwidth=\"0\" marginheight=\"0\" scrolling=\"no\" class=\"wp-embedded-content\"><\/iframe><script type=\"text\/javascript\">\n\/* <![CDATA[ *\/\n\/*! This file is auto-generated *\/\n!function(d,l){\"use strict\";l.querySelector&&d.addEventListener&&\"undefined\"!=typeof URL&&(d.wp=d.wp||{},d.wp.receiveEmbedMessage||(d.wp.receiveEmbedMessage=function(e){var t=e.data;if((t||t.secret||t.message||t.value)&&!\/[^a-zA-Z0-9]\/.test(t.secret)){for(var s,r,n,a=l.querySelectorAll('iframe[data-secret=\"'+t.secret+'\"]'),o=l.querySelectorAll('blockquote[data-secret=\"'+t.secret+'\"]'),c=new RegExp(\"^https?:$\",\"i\"),i=0;i<o.length;i++)o[i].style.display=\"none\";for(i=0;i<a.length;i++)s=a[i],e.source===s.contentWindow&&(s.removeAttribute(\"style\"),\"height\"===t.message?(1e3<(r=parseInt(t.value,10))?r=1e3:~~r<200&&(r=200),s.height=r):\"link\"===t.message&&(r=new URL(s.getAttribute(\"src\")),n=new URL(t.value),c.test(n.protocol))&&n.host===r.host&&l.activeElement===s&&(d.top.location.href=t.value))}},d.addEventListener(\"message\",d.wp.receiveEmbedMessage,!1),l.addEventListener(\"DOMContentLoaded\",function(){for(var e,t,s=l.querySelectorAll(\"iframe.wp-embedded-content\"),r=0;r<s.length;r++)(t=(e=s[r]).getAttribute(\"data-secret\"))||(t=Math.random().toString(36).substring(2,12),e.src+=\"#?secret=\"+t,e.setAttribute(\"data-secret\",t)),e.contentWindow.postMessage({message:\"ready\",secret:t},\"*\")},!1)))}(window,document);\n\/\/# sourceURL=https:\/\/www.mzone.cz\/wp-includes\/js\/wp-embed.min.js\n\/* ]]> *\/\n<\/script>","thumbnail_url":"https:\/\/www.mzone.cz\/wp-content\/uploads\/2023\/10\/04_Yaris_Cup_2023_HQ-18.jpg","thumbnail_width":1207,"thumbnail_height":804,"description":"Sportovn\u00ed model Toyota GR Yaris od spole\u010dnosti HS Automobil bude nult\u00fdm vozem na nadch\u00e1zej\u00edc\u00ed St\u0159edoevropsk\u00e9 Rallye, kter\u00e1 se bude konat ve dnech 26. a\u017e 29. \u0159\u00edjna ve t\u0159ech zem\u00edch v\u010detn\u011b \u010cesk\u00e9 republiky. Auto, jeho\u017e \u00fakolem je projet celou tra\u0165 jako zav\u00e1d\u011bc\u00ed v\u016fz, bude \u0159\u00eddit zku\u0161en\u00fd z\u00e1vodn\u00ed jezdec Tom\u00e1\u0161 Enge."}